{"id":113,"date":"2020-04-16T14:19:25","date_gmt":"2020-04-16T12:19:25","guid":{"rendered":"https:\/\/destination.parc-oise-paysdefrance.fr\/uk\/hebergements-valeurs-parc\/"},"modified":"2023-01-19T16:04:46","modified_gmt":"2023-01-19T15:04:46","slug":"park-ethics-accommodation","status":"publish","type":"page","link":"https:\/\/destination.parc-oise-paysdefrance.fr\/en\/getting-organised\/park-ethics-accommodation\/","title":{"rendered":"\u201cPark Ethics\u201d Accommodation"},"content":{"rendered":"\n<p class=\"is-style-excerpt\">Located in the heart of the Park&#8217;s charming villages, the &#8220;Regional Natural Park Values&#8221; accommodations offer their guests many pleasures: calm, comfort, a warm and friendly welcome, discovery of the heritage, products through their breakfasts, \u2026<\/p>\n\n\n\n<p class=\"is-style-excerpt\">By choosing these accommodations you will experience a gentle and authentic discovery of the territory of the Oise-Pays de France Regional Natural Park. In each accommodation you will have at your disposal an educational box containing naturalist books, topoguides, children&#8217;s books, games, etc\u2026<\/p>\n\n\n\n<p class=\"is-style-blockquote\">Respect for the environment, human development and the development of the local economy: it is around these values that your hosts are committed. By giving them your preference, you will not only treat yourself\u2026 but you will also demonstrate your responsible commitment and support.<\/p>\n\n\n\n<p class=\"is-style-blockquote\">Our values are your values<\/p>\n\n\n\n<div class=\"wp-block-image\"><figure class=\"aligncenter size-large is-resized\"><img loading=\"lazy\" data-src=\"https:\/\/destination.parc-oise-paysdefrance.fr\/uk\/wp-content\/uploads\/sites\/2\/2020\/11\/PNR_Oise_Pays_de_France_degraisse_quadri-425x600.png\" alt=\"\" class=\"wp-image-2400\" width=\"215\" height=\"303\" data-srcset=\"https:\/\/destination.parc-oise-paysdefrance.fr\/en\/wp-content\/uploads\/sites\/2\/2020\/11\/PNR_Oise_Pays_de_France_degraisse_quadri-425x600.png 425w, https:\/\/destination.parc-oise-paysdefrance.fr\/en\/wp-content\/uploads\/sites\/2\/2020\/11\/PNR_Oise_Pays_de_France_degraisse_quadri-200x282.png 200w, https:\/\/destination.parc-oise-paysdefrance.fr\/en\/wp-content\/uploads\/sites\/2\/2020\/11\/PNR_Oise_Pays_de_France_degraisse_quadri-280x395.png 280w, https:\/\/destination.parc-oise-paysdefrance.fr\/en\/wp-content\/uploads\/sites\/2\/2020\/11\/PNR_Oise_Pays_de_France_degraisse_quadri.png 544w\" sizes=\"(max-width: 215px) 100vw, 215px\" \/><\/figure><\/div>\n\n\n\n<h3><strong>Raray<\/strong>, <strong>Les Cabanes des Grands Ch\u00eanes.<\/strong><\/h3>\n\n\n\n<p>A relaxing break awaits you in one of the 20 tree houses located on the grounds of the Ch\u00e2teau de Raray, 45 minutes from Paris. Duo or family cabins for an unusual stay designed with respect for the natural environment.<\/p>\n\n\n\n<p>1 rue Jean Cocteau<br>Ch\u00e2teau de Raray<br>60810 Raray<br><a href=\"https:\/\/www.cabanesdesgrandschenes.com\/\" target=\"_blank\" rel=\"noreferrer noopener\">site internet<\/a><\/p>\n\n\n\n<figure class=\"wp-block-gallery columns-3 is-cropped\"><ul class=\"blocks-gallery-grid\"><li class=\"blocks-gallery-item\"><figure><img loading=\"lazy\" width=\"800\" height=\"600\" data-src=\"https:\/\/destination.parc-oise-paysdefrance.fr\/uk\/wp-content\/uploads\/sites\/2\/2020\/06\/cabanes3-800x600.jpg\" alt=\"\" data-id=\"1370\" data-link=\"https:\/\/destination.parc-oise-paysdefrance.fr\/uk\/sorganiser\/hebergements-valeurs-parc\/cabanes3\/\" class=\"wp-image-1370\" data-srcset=\"https:\/\/destination.parc-oise-paysdefrance.fr\/en\/wp-content\/uploads\/sites\/2\/2020\/06\/cabanes3-800x600.jpg 800w, https:\/\/destination.parc-oise-paysdefrance.fr\/en\/wp-content\/uploads\/sites\/2\/2020\/06\/cabanes3-200x150.jpg 200w, https:\/\/destination.parc-oise-paysdefrance.fr\/en\/wp-content\/uploads\/sites\/2\/2020\/06\/cabanes3-650x488.jpg 650w, https:\/\/destination.parc-oise-paysdefrance.fr\/en\/wp-content\/uploads\/sites\/2\/2020\/06\/cabanes3-280x210.jpg 280w, https:\/\/destination.parc-oise-paysdefrance.fr\/en\/wp-content\/uploads\/sites\/2\/2020\/06\/cabanes3-900x675.jpg 900w, https:\/\/destination.parc-oise-paysdefrance.fr\/en\/wp-content\/uploads\/sites\/2\/2020\/06\/cabanes3.jpg 1200w\" sizes=\"(max-width: 800px) 100vw, 800px\" \/><\/figure><\/li><li class=\"blocks-gallery-item\"><figure><img loading=\"lazy\" width=\"800\" height=\"600\" data-src=\"https:\/\/destination.parc-oise-paysdefrance.fr\/uk\/wp-content\/uploads\/sites\/2\/2020\/06\/cabanes-800x600.jpg\" alt=\"\" data-id=\"1371\" data-link=\"https:\/\/destination.parc-oise-paysdefrance.fr\/uk\/sorganiser\/hebergements-valeurs-parc\/cabanes\/\" class=\"wp-image-1371\" data-srcset=\"https:\/\/destination.parc-oise-paysdefrance.fr\/en\/wp-content\/uploads\/sites\/2\/2020\/06\/cabanes-800x600.jpg 800w, https:\/\/destination.parc-oise-paysdefrance.fr\/en\/wp-content\/uploads\/sites\/2\/2020\/06\/cabanes-200x150.jpg 200w, https:\/\/destination.parc-oise-paysdefrance.fr\/en\/wp-content\/uploads\/sites\/2\/2020\/06\/cabanes-650x488.jpg 650w, https:\/\/destination.parc-oise-paysdefrance.fr\/en\/wp-content\/uploads\/sites\/2\/2020\/06\/cabanes-280x210.jpg 280w, https:\/\/destination.parc-oise-paysdefrance.fr\/en\/wp-content\/uploads\/sites\/2\/2020\/06\/cabanes-900x675.jpg 900w, https:\/\/destination.parc-oise-paysdefrance.fr\/en\/wp-content\/uploads\/sites\/2\/2020\/06\/cabanes.jpg 1200w\" sizes=\"(max-width: 800px) 100vw, 800px\" \/><\/figure><\/li><li class=\"blocks-gallery-item\"><figure><img loading=\"lazy\" width=\"800\" height=\"600\" data-src=\"https:\/\/destination.parc-oise-paysdefrance.fr\/uk\/wp-content\/uploads\/sites\/2\/2020\/06\/cabanes2-800x600.jpg\" alt=\"\" data-id=\"1372\" data-full-url=\"https:\/\/destination.parc-oise-paysdefrance.fr\/uk\/wp-content\/uploads\/sites\/2\/2020\/06\/cabanes2.jpg\" data-link=\"https:\/\/destination.parc-oise-paysdefrance.fr\/uk\/sorganiser\/hebergements-valeurs-parc\/cabanes2\/\" class=\"wp-image-1372\" data-srcset=\"https:\/\/destination.parc-oise-paysdefrance.fr\/en\/wp-content\/uploads\/sites\/2\/2020\/06\/cabanes2-800x600.jpg 800w, https:\/\/destination.parc-oise-paysdefrance.fr\/en\/wp-content\/uploads\/sites\/2\/2020\/06\/cabanes2-200x150.jpg 200w, https:\/\/destination.parc-oise-paysdefrance.fr\/en\/wp-content\/uploads\/sites\/2\/2020\/06\/cabanes2-650x488.jpg 650w, https:\/\/destination.parc-oise-paysdefrance.fr\/en\/wp-content\/uploads\/sites\/2\/2020\/06\/cabanes2-280x210.jpg 280w, https:\/\/destination.parc-oise-paysdefrance.fr\/en\/wp-content\/uploads\/sites\/2\/2020\/06\/cabanes2-900x675.jpg 900w, https:\/\/destination.parc-oise-paysdefrance.fr\/en\/wp-content\/uploads\/sites\/2\/2020\/06\/cabanes2.jpg 1200w\" sizes=\"(max-width: 800px) 100vw, 800px\" \/><\/figure><\/li><\/ul><\/figure>\n\n\n\n<h3><strong>Viarmes<\/strong>, <strong>Chambre d\u2019h\u00f4tes, La Montcelloise<\/strong><br>Mme Marie-Th\u00e9r\u00e8se PICHOT<\/h3>\n\n\n\n<p>The house, a restored early 19th century farmhouse, is situated in the heart of the old village of Viarmes. A vast landscaped garden will welcome you for a good moment of relaxation.<\/p>\n\n\n\n<p>2 bedrooms, 6 persons<br>10, rue du Montcel, 95270 Viarmes<br>01 30 35 36 62<br><a href=\"http:\/\/lamontcelloise.pagesperso-orange.fr\/\" target=\"_blank\" rel=\"noreferrer noopener\">Site internet<\/a><\/p>\n\n\n\n<figure class=\"wp-block-gallery columns-3 is-cropped\"><ul class=\"blocks-gallery-grid\"><li class=\"blocks-gallery-item\"><figure><img loading=\"lazy\" width=\"899\" height=\"600\" data-src=\"https:\/\/destination.parc-oise-paysdefrance.fr\/uk\/wp-content\/uploads\/sites\/2\/2020\/06\/PNROPF_2019_Viarmes_Montcelloise_003_Web_\u00a9_cyril_badet-899x600.jpg\" alt=\"\" data-id=\"1375\" data-link=\"https:\/\/destination.parc-oise-paysdefrance.fr\/uk\/sorganiser\/hebergements-valeurs-parc\/pnr-oise-pays-de-france-la-montcelloise-viarmes-octobre-2019-2\/\" class=\"wp-image-1375\" data-srcset=\"https:\/\/destination.parc-oise-paysdefrance.fr\/en\/wp-content\/uploads\/sites\/2\/2020\/06\/PNROPF_2019_Viarmes_Montcelloise_003_Web_\u00a9_cyril_badet-899x600.jpg 899w, https:\/\/destination.parc-oise-paysdefrance.fr\/en\/wp-content\/uploads\/sites\/2\/2020\/06\/PNROPF_2019_Viarmes_Montcelloise_003_Web_\u00a9_cyril_badet-200x133.jpg 200w, https:\/\/destination.parc-oise-paysdefrance.fr\/en\/wp-content\/uploads\/sites\/2\/2020\/06\/PNROPF_2019_Viarmes_Montcelloise_003_Web_\u00a9_cyril_badet-650x434.jpg 650w, https:\/\/destination.parc-oise-paysdefrance.fr\/en\/wp-content\/uploads\/sites\/2\/2020\/06\/PNROPF_2019_Viarmes_Montcelloise_003_Web_\u00a9_cyril_badet-280x187.jpg 280w, https:\/\/destination.parc-oise-paysdefrance.fr\/en\/wp-content\/uploads\/sites\/2\/2020\/06\/PNROPF_2019_Viarmes_Montcelloise_003_Web_\u00a9_cyril_badet-900x601.jpg 900w, https:\/\/destination.parc-oise-paysdefrance.fr\/en\/wp-content\/uploads\/sites\/2\/2020\/06\/PNROPF_2019_Viarmes_Montcelloise_003_Web_\u00a9_cyril_badet.jpg 1199w\" sizes=\"(max-width: 899px) 100vw, 899px\" \/><\/figure><\/li><li class=\"blocks-gallery-item\"><figure><img loading=\"lazy\" width=\"899\" height=\"600\" data-src=\"https:\/\/destination.parc-oise-paysdefrance.fr\/uk\/wp-content\/uploads\/sites\/2\/2020\/06\/PNROPF_2019_Viarmes_Montcelloise_001_Web_\u00a9_cyril_badet-899x600.jpg\" alt=\"\" data-id=\"1377\" data-full-url=\"https:\/\/destination.parc-oise-paysdefrance.fr\/uk\/wp-content\/uploads\/sites\/2\/2020\/06\/PNROPF_2019_Viarmes_Montcelloise_001_Web_\u00a9_cyril_badet.jpg\" data-link=\"https:\/\/destination.parc-oise-paysdefrance.fr\/uk\/sorganiser\/hebergements-valeurs-parc\/pnr-oise-pays-de-france-la-montcelloise-viarmes-octobre-2019-4\/\" class=\"wp-image-1377\" data-srcset=\"https:\/\/destination.parc-oise-paysdefrance.fr\/en\/wp-content\/uploads\/sites\/2\/2020\/06\/PNROPF_2019_Viarmes_Montcelloise_001_Web_\u00a9_cyril_badet-899x600.jpg 899w, https:\/\/destination.parc-oise-paysdefrance.fr\/en\/wp-content\/uploads\/sites\/2\/2020\/06\/PNROPF_2019_Viarmes_Montcelloise_001_Web_\u00a9_cyril_badet-200x133.jpg 200w, https:\/\/destination.parc-oise-paysdefrance.fr\/en\/wp-content\/uploads\/sites\/2\/2020\/06\/PNROPF_2019_Viarmes_Montcelloise_001_Web_\u00a9_cyril_badet-650x434.jpg 650w, https:\/\/destination.parc-oise-paysdefrance.fr\/en\/wp-content\/uploads\/sites\/2\/2020\/06\/PNROPF_2019_Viarmes_Montcelloise_001_Web_\u00a9_cyril_badet-280x187.jpg 280w, https:\/\/destination.parc-oise-paysdefrance.fr\/en\/wp-content\/uploads\/sites\/2\/2020\/06\/PNROPF_2019_Viarmes_Montcelloise_001_Web_\u00a9_cyril_badet-900x601.jpg 900w, https:\/\/destination.parc-oise-paysdefrance.fr\/en\/wp-content\/uploads\/sites\/2\/2020\/06\/PNROPF_2019_Viarmes_Montcelloise_001_Web_\u00a9_cyril_badet.jpg 1199w\" sizes=\"(max-width: 899px) 100vw, 899px\" \/><\/figure><\/li><li class=\"blocks-gallery-item\"><figure><img loading=\"lazy\" width=\"899\" height=\"600\" data-src=\"https:\/\/destination.parc-oise-paysdefrance.fr\/uk\/wp-content\/uploads\/sites\/2\/2020\/06\/PNROPF_2019_Viarmes_Montcelloise_014_Web_\u00a9_cyril_badet-899x600.jpg\" alt=\"\" data-id=\"1376\" data-link=\"https:\/\/destination.parc-oise-paysdefrance.fr\/uk\/sorganiser\/hebergements-valeurs-parc\/pnr-oise-pays-de-france-la-montcelloise-viarmes-octobre-2019-3\/\" class=\"wp-image-1376\" data-srcset=\"https:\/\/destination.parc-oise-paysdefrance.fr\/en\/wp-content\/uploads\/sites\/2\/2020\/06\/PNROPF_2019_Viarmes_Montcelloise_014_Web_\u00a9_cyril_badet-899x600.jpg 899w, https:\/\/destination.parc-oise-paysdefrance.fr\/en\/wp-content\/uploads\/sites\/2\/2020\/06\/PNROPF_2019_Viarmes_Montcelloise_014_Web_\u00a9_cyril_badet-200x133.jpg 200w, https:\/\/destination.parc-oise-paysdefrance.fr\/en\/wp-content\/uploads\/sites\/2\/2020\/06\/PNROPF_2019_Viarmes_Montcelloise_014_Web_\u00a9_cyril_badet-650x434.jpg 650w, https:\/\/destination.parc-oise-paysdefrance.fr\/en\/wp-content\/uploads\/sites\/2\/2020\/06\/PNROPF_2019_Viarmes_Montcelloise_014_Web_\u00a9_cyril_badet-280x187.jpg 280w, https:\/\/destination.parc-oise-paysdefrance.fr\/en\/wp-content\/uploads\/sites\/2\/2020\/06\/PNROPF_2019_Viarmes_Montcelloise_014_Web_\u00a9_cyril_badet-900x601.jpg 900w, https:\/\/destination.parc-oise-paysdefrance.fr\/en\/wp-content\/uploads\/sites\/2\/2020\/06\/PNROPF_2019_Viarmes_Montcelloise_014_Web_\u00a9_cyril_badet.jpg 1199w\" sizes=\"(max-width: 899px) 100vw, 899px\" \/><\/figure><\/li><\/ul><\/figure>\n\n\n\n<h3><strong>Senlis<\/strong>, <strong>Chambre d\u2019h\u00f4tes, Cot\u00e9 jardin<\/strong><br>Mme Francine Patenotte<\/h3>\n\n\n\n<p>The lady of the house welcomes you in this former 17th century mansion, ideally located in the heart of the old Senlis.<\/p>\n\n\n\n<p>5 bedrooms, 15 persons<br>25, rue vieille de Paris, 60300 Senlis<br>03 44 53 69 04, 06 31 99 13 91<br><a href=\"http:\/\/cotejardin-senlis.fr\/\" target=\"_blank\" rel=\"noreferrer noopener\">Site internet<\/a><\/p>\n\n\n\n<div\n    class=\"wp-block-slider js-block-slider\">\n    \n    <div class=\"alignwide\">\n        \n        <div class=\"wp-block-slider-list\"\n             data-trigger=\"wpiris-slick\"\n             data-slick='{\"variableWidth\": true, \"dots\": false, \"arrows\": true, \"slidesToShow\": 1, \"slidesToScroll\": 1, \"infinite\": false}'\n        >\n            \n                            \n                <a class=\"wp-block-slider-item\" data-fancybox=\"fancybox\" href=\"https:\/\/destination.parc-oise-paysdefrance.fr\/en\/wp-content\/uploads\/sites\/2\/2020\/06\/Cot\u00e9-jardin-6.jpg\">\n                    <img data-src=\"https:\/\/destination.parc-oise-paysdefrance.fr\/en\/wp-content\/uploads\/sites\/2\/2020\/06\/Cot\u00e9-jardin-6-800x600.jpg\" alt=\"\">\n                <\/a>\n            \n                            \n                <a class=\"wp-block-slider-item\" data-fancybox=\"fancybox\" href=\"https:\/\/destination.parc-oise-paysdefrance.fr\/en\/wp-content\/uploads\/sites\/2\/2020\/06\/PNROPF_2019_Senlis_Cote_Jardin_007_Web_\u00a9_cyril_badet.jpg\">\n                    <img data-src=\"https:\/\/destination.parc-oise-paysdefrance.fr\/en\/wp-content\/uploads\/sites\/2\/2020\/06\/PNROPF_2019_Senlis_Cote_Jardin_007_Web_\u00a9_cyril_badet-899x600.jpg\" alt=\"\">\n                <\/a>\n            \n                            \n                <a class=\"wp-block-slider-item\" data-fancybox=\"fancybox\" href=\"https:\/\/destination.parc-oise-paysdefrance.fr\/en\/wp-content\/uploads\/sites\/2\/2020\/06\/PNROPF_2019_Senlis_Cote_Jardin_040_Web_\u00a9_cyril_badet.jpg\">\n                    <img data-src=\"https:\/\/destination.parc-oise-paysdefrance.fr\/en\/wp-content\/uploads\/sites\/2\/2020\/06\/PNROPF_2019_Senlis_Cote_Jardin_040_Web_\u00a9_cyril_badet-899x600.jpg\" alt=\"\">\n                <\/a>\n            \n                    \n        <\/div>\n    \n    <\/div>\n\n<\/div>\n\n\n\n<h3><strong>Chaumontel<\/strong>, <strong>Chambre d\u2019h\u00f4tes, Beauvilliers<\/strong><br>Mme Doris MANDY<\/h3>\n\n\n\n<p>This former hunting lodge, dating from the 18th century, is located on the outskirts of the village in the Ysieux valley, between forest and fields.<\/p>\n\n\n\n<p>3 bedrooms, 6 persons<br>route de Baillon, 95270 Chaumontel<br>01 30 29 99 61, 06 81 25 28 46<br><a href=\"http:\/\/www.beauvilliers.com\">www.beauvilliers.com<\/a><\/p>\n\n\n\n<figure class=\"wp-block-gallery aligncenter columns-2 is-cropped\"><ul class=\"blocks-gallery-grid\"><li class=\"blocks-gallery-item\"><figure><img loading=\"lazy\" width=\"800\" height=\"600\" data-src=\"https:\/\/destination.parc-oise-paysdefrance.fr\/uk\/wp-content\/uploads\/sites\/2\/2020\/06\/Beauvilliers-1-800x600.jpg\" alt=\"\" data-id=\"1388\" data-full-url=\"https:\/\/destination.parc-oise-paysdefrance.fr\/uk\/wp-content\/uploads\/sites\/2\/2020\/06\/Beauvilliers-1.jpg\" data-link=\"https:\/\/destination.parc-oise-paysdefrance.fr\/uk\/sorganiser\/hebergements-valeurs-parc\/beauvilliers-1\/\" class=\"wp-image-1388\" data-srcset=\"https:\/\/destination.parc-oise-paysdefrance.fr\/en\/wp-content\/uploads\/sites\/2\/2020\/06\/Beauvilliers-1-800x600.jpg 800w, https:\/\/destination.parc-oise-paysdefrance.fr\/en\/wp-content\/uploads\/sites\/2\/2020\/06\/Beauvilliers-1-200x150.jpg 200w, https:\/\/destination.parc-oise-paysdefrance.fr\/en\/wp-content\/uploads\/sites\/2\/2020\/06\/Beauvilliers-1-650x488.jpg 650w, https:\/\/destination.parc-oise-paysdefrance.fr\/en\/wp-content\/uploads\/sites\/2\/2020\/06\/Beauvilliers-1-280x210.jpg 280w, https:\/\/destination.parc-oise-paysdefrance.fr\/en\/wp-content\/uploads\/sites\/2\/2020\/06\/Beauvilliers-1-900x675.jpg 900w, https:\/\/destination.parc-oise-paysdefrance.fr\/en\/wp-content\/uploads\/sites\/2\/2020\/06\/Beauvilliers-1.jpg 1200w\" sizes=\"(max-width: 800px) 100vw, 800px\" \/><\/figure><\/li><li class=\"blocks-gallery-item\"><figure><img loading=\"lazy\" width=\"800\" height=\"600\" data-src=\"https:\/\/destination.parc-oise-paysdefrance.fr\/uk\/wp-content\/uploads\/sites\/2\/2020\/06\/Beauvilliers-001-800x600.jpg\" alt=\"\" data-id=\"1389\" data-full-url=\"https:\/\/destination.parc-oise-paysdefrance.fr\/uk\/wp-content\/uploads\/sites\/2\/2020\/06\/Beauvilliers-001.jpg\" data-link=\"https:\/\/destination.parc-oise-paysdefrance.fr\/uk\/sorganiser\/hebergements-valeurs-parc\/beauvilliers-001\/\" class=\"wp-image-1389\" data-srcset=\"https:\/\/destination.parc-oise-paysdefrance.fr\/en\/wp-content\/uploads\/sites\/2\/2020\/06\/Beauvilliers-001-800x600.jpg 800w, https:\/\/destination.parc-oise-paysdefrance.fr\/en\/wp-content\/uploads\/sites\/2\/2020\/06\/Beauvilliers-001-200x150.jpg 200w, https:\/\/destination.parc-oise-paysdefrance.fr\/en\/wp-content\/uploads\/sites\/2\/2020\/06\/Beauvilliers-001-650x488.jpg 650w, https:\/\/destination.parc-oise-paysdefrance.fr\/en\/wp-content\/uploads\/sites\/2\/2020\/06\/Beauvilliers-001-280x210.jpg 280w, https:\/\/destination.parc-oise-paysdefrance.fr\/en\/wp-content\/uploads\/sites\/2\/2020\/06\/Beauvilliers-001-900x675.jpg 900w, https:\/\/destination.parc-oise-paysdefrance.fr\/en\/wp-content\/uploads\/sites\/2\/2020\/06\/Beauvilliers-001.jpg 1200w\" sizes=\"(max-width: 800px) 100vw, 800px\" \/><\/figure><\/li><\/ul><\/figure>\n\n\n\n<p>Le Plessis-Luzarches, Chambres d&#8217;h\u00f4tes,<br>Domaine du Plessis\u00a0<\/p>\n\n\n\n<p>The charming 17th-century residence of the Domaine du Plessis opens its doors to you in the heart of a 20-hectare park. On site you will find bright rooms with a view of the Domaine&#8217;s park.<br>The large park invites you to take a walk along the waterways and observe nature. You will be able to meet a couple of swans, roe deer, hares, ducks, squirrels, partridges, kingfishers, woodpeckers\u2026<br>Both close to Paris (28 km from the centre) and Paris Charles De Gaulle airport (17 km), a golf course and historical sites, it is ideally situated to welcome you for a relaxing weekend, a tourist or professional stay, life events as well as business events.<\/p>\n\n\n\n<p>&nbsp;5 bedrooms and one studio<\/p>\n\n\n\n<p>LE DOMAINE DU PLESSIS&nbsp;CHAMBRES D\u2019HOTES ET EVENEMENTS<br>Adresse: 4 rue du Moulin&nbsp;95 270 Le Plessis-Luzarches<br>T\u00e9l. : +33(0)6 75 54 98 34<br>Email:&nbsp;contact@domaine-du-plessis.com<br><a href=\"https:\/\/www.domaine-du-plessis.com\/\" target=\"_blank\" rel=\"noreferrer noopener\">https:\/\/www.domaine-du-plessis.com\/<\/a><\/p>\n\n\n\n<figure class=\"wp-block-gallery columns-2 is-cropped\"><ul class=\"blocks-gallery-grid\"><li class=\"blocks-gallery-item\"><figure><img loading=\"lazy\" width=\"400\" height=\"533\" data-src=\"https:\/\/destination.parc-oise-paysdefrance.fr\/uk\/wp-content\/uploads\/sites\/2\/2020\/11\/le-Plessis-2.jpg\" alt=\"\" data-id=\"2404\" class=\"wp-image-2404\" data-srcset=\"https:\/\/destination.parc-oise-paysdefrance.fr\/en\/wp-content\/uploads\/sites\/2\/2020\/11\/le-Plessis-2.jpg 400w, https:\/\/destination.parc-oise-paysdefrance.fr\/en\/wp-content\/uploads\/sites\/2\/2020\/11\/le-Plessis-2-200x267.jpg 200w, https:\/\/destination.parc-oise-paysdefrance.fr\/en\/wp-content\/uploads\/sites\/2\/2020\/11\/le-Plessis-2-280x373.jpg 280w\" sizes=\"(max-width: 400px) 100vw, 400px\" \/><\/figure><\/li><li class=\"blocks-gallery-item\"><figure><img loading=\"lazy\" width=\"768\" height=\"576\" data-src=\"https:\/\/destination.parc-oise-paysdefrance.fr\/uk\/wp-content\/uploads\/sites\/2\/2020\/11\/le-Plessis.jpg\" alt=\"\" data-id=\"2405\" data-full-url=\"https:\/\/destination.parc-oise-paysdefrance.fr\/uk\/wp-content\/uploads\/sites\/2\/2020\/11\/le-Plessis.jpg\" data-link=\"https:\/\/destination.parc-oise-paysdefrance.fr\/uk\/getting-organised\/park-ethics-accommodation\/le-plessis\/\" class=\"wp-image-2405\" data-srcset=\"https:\/\/destination.parc-oise-paysdefrance.fr\/en\/wp-content\/uploads\/sites\/2\/2020\/11\/le-Plessis.jpg 768w, https:\/\/destination.parc-oise-paysdefrance.fr\/en\/wp-content\/uploads\/sites\/2\/2020\/11\/le-Plessis-200x150.jpg 200w, https:\/\/destination.parc-oise-paysdefrance.fr\/en\/wp-content\/uploads\/sites\/2\/2020\/11\/le-Plessis-650x488.jpg 650w, https:\/\/destination.parc-oise-paysdefrance.fr\/en\/wp-content\/uploads\/sites\/2\/2020\/11\/le-Plessis-280x210.jpg 280w\" sizes=\"(max-width: 768px) 100vw, 768px\" \/><\/figure><\/li><\/ul><\/figure>\n\n\n\n<h3>Ch\u00e2tenay-en-France, seminar accommodation<\/h3>\n\n\n\n<p>Stayed in the same family for 5 generations, the Ch\u00e2teau de Ch\u00e2tenay forms, with its park, an exceptional ensemble.<br>Ideally located between Paris and Chantilly, it has been dedicated to corporate events for over 30 years.<\/p>\n\n\n\n<ul><li>8 Rue Honor\u00e9 de Mirabeau<\/li><li>95190 Ch\u00e2tenay-en-France<\/li><li><a rel=\"noreferrer noopener\" href=\"http:\/\/chateaudechatenay.f\/\" target=\"_blank\">http:\/\/chateaudechatenay.f<\/a>r<\/li><li>Tel :&nbsp;<strong><a href=\"tel:+331 34 71 11 11\">01 34 71 11 11<\/a><\/strong><\/li><\/ul>\n\n\n\n<figure class=\"wp-block-image\"><a href=\"https:\/\/destination.parc-oise-paysdefrance.fr\/wp-content\/uploads\/2022\/08\/IMG_20220709_200340-800x600.jpg\"><img data-src=\"https:\/\/destination.parc-oise-paysdefrance.fr\/wp-content\/uploads\/2022\/08\/IMG_20220709_200340-800x600.jpg\" alt=\"\" class=\"wp-image-2548\"\/><\/a><\/figure>\n\n\n\n<h3>Le Logis de la Tour<\/h3>\n\n\n\n<p>This warm and comfortable country house in harmony with its environment offers you an exceptional view of the remains of the Ch\u00e2teau de Mont\u00e9pilloy, classified as a historical monument. Mr. Rouz\u00e9 your host will tell you everything (or almost) you want to know.<br>The house has been adapted to the contemporary way of life, without losing any of its charm (Burgundy stone floor, exposed beams, etc.).<\/p>\n\n\n\n<ul><li>2 chambres, 4 personnes<\/li><li><a rel=\"noreferrer noopener\" href=\"https:\/\/www.gites-de-france-oise.fr\/location-Gite-Montepilloy-Oise-60G602124.html\" target=\"_blank\">G\u00eete de France<\/a>, 3 \u00e9pis<\/li><li>Mont\u00e9pilloy, 60415<\/li><\/ul>\n\n\n\n<figure class=\"wp-block-image\"><a href=\"https:\/\/destination.parc-oise-paysdefrance.fr\/wp-content\/uploads\/2022\/09\/Gite-Montepilloy-11.jpg\"><img data-src=\"https:\/\/destination.parc-oise-paysdefrance.fr\/wp-content\/uploads\/2022\/09\/Gite-Montepilloy-11-1300x600.jpg\" alt=\"\" class=\"wp-image-2570\"\/><\/a><\/figure>\n\n\n\n<h3>Le g\u00eete de l\u2019Auge<\/h3>\n\n\n\n<p>The g\u00eete de l&#8217;auge was set up in an old barn\/stable built around 1830. The building, renovated by the owners, has character, combining rusticity with its trough, its beams from the Retz forest and its freestones of Bonneuil-en-Valois, modernity through the combination of glass and industrial steel. The g\u00eete de l&#8217;auge was designed and then arranged to allow everyone to feel like a second &#8220;home&#8221;. Calm, aesthetics, attention to detail\u2026 ideal for a great experience.<\/p>\n\n\n\n<ul><li>2 chambres, 4 personnes<\/li><li>Auger-Saint-Vincent, 60800<\/li><li>Tel : 0633218604<\/li><li>fabrice.dalongeville@gmail.com<\/li><\/ul>\n\n\n\n<figure class=\"wp-block-image\"><img data-src=\"https:\/\/destination.parc-oise-paysdefrance.fr\/wp-content\/uploads\/2022\/10\/Auge-Auger-900x600.jpg\" alt=\"\" class=\"wp-image-2902\"\/><\/figure>\n\n\n\n<h3>L\u2019ancien presbyt\u00e8re<\/h3>\n\n\n\n<p>Located in a former presbytery, the Saint-Vincent g\u00eete has been carefully furnished by the municipality, on the advice of an interior designer who lives in the village. The neat decoration manages to combine the preservation of the old (floors and fireplaces) and the breath of the contemporary. The three bedrooms each have a bathroom and a toilet. The kitchen is well equipped and coexists easily with the living room. Visitors to capture the soul of this cottage with elegant architecture.<\/p>\n\n\n\n<ul><li>6 voyageurs, 3 chambres, 4 lits, 3 salles de bain<\/li><li>Auger-Saint-Vincent, 60800<\/li><li>03 44 59 16 58<\/li><\/ul>\n\n\n\n<figure class=\"wp-block-image\"><img data-src=\"https:\/\/destination.parc-oise-paysdefrance.fr\/wp-content\/uploads\/2022\/10\/Presbytere-Auger-jpg.jpg\" alt=\"\" class=\"wp-image-2897\"\/><\/figure>\n","protected":false},"excerpt":{"rendered":"<p>Located in the heart of the Park&#8217;s charming villages, the &#8220;Regional Natural Park Values&#8221; accommodations offer their guests many pleasures: calm, comfort, a warm and friendly welcome, discovery of the heritage, products through their breakfasts, \u2026 By choosing these accommodations you will experience a gentle and authentic discovery of the territory of the Oise-Pays de [&hellip;]<\/p>\n","protected":false},"author":1,"featured_media":1380,"parent":65,"menu_order":30,"comment_status":"closed","ping_status":"closed","template":"","meta":{"_relevanssi_hide_post":"","_relevanssi_pin_for_all":"","_relevanssi_pin_keywords":"","_relevanssi_unpin_keywords":"","_relevanssi_related_keywords":"","_relevanssi_related_include_ids":"","_relevanssi_related_exclude_ids":"","_relevanssi_related_no_append":"","_relevanssi_related_not_related":"","_relevanssi_related_posts":"","_relevanssi_noindex_reason":""},"yoast_head":"<!-- This site is optimized with the Yoast SEO plugin v15.3 - https:\/\/yoast.com\/wordpress\/plugins\/seo\/ -->\n<meta name=\"description\" content=\"Located in the heart of the Park&#039;s charming villages, the &quot;Regional Natural Park Values&quot; accommodations offer their guests many pleasures: calm, comfort,\" \/>\n<meta name=\"robots\" content=\"index, follow, max-snippet:-1, max-image-preview:large, max-video-preview:-1\" \/>\n<link rel=\"canonical\" href=\"https:\/\/destination.parc-oise-paysdefrance.fr\/en\/getting-organised\/park-ethics-accommodation\/\" \/>\n<meta property=\"og:locale\" content=\"en_GB\" \/>\n<meta property=\"og:type\" content=\"article\" \/>\n<meta property=\"og:title\" content=\"\u201cPark Ethics\u201d Accommodation - Destination Parc Oise Pays de France\" \/>\n<meta property=\"og:description\" content=\"Located in the heart of the Park&#039;s charming villages, the &quot;Regional Natural Park Values&quot; accommodations offer their guests many pleasures: calm, comfort,\" \/>\n<meta property=\"og:url\" content=\"https:\/\/destination.parc-oise-paysdefrance.fr\/en\/getting-organised\/park-ethics-accommodation\/\" \/>\n<meta property=\"og:site_name\" content=\"Destination Parc Oise Pays de France\" \/>\n<meta property=\"article:publisher\" content=\"https:\/\/www.facebook.com\/PNR.OPDF\/?ref=br_rs\" \/>\n<meta property=\"article:modified_time\" content=\"2023-01-19T15:04:46+00:00\" \/>\n<meta property=\"og:image\" content=\"https:\/\/destination.parc-oise-paysdefrance.fr\/en\/wp-content\/uploads\/sites\/2\/2020\/06\/Cot\u00e9-jardin-6.jpg\" \/>\n\t<meta property=\"og:image:width\" content=\"1200\" \/>\n\t<meta property=\"og:image:height\" content=\"900\" \/>\n<meta name=\"twitter:card\" content=\"summary_large_image\" \/>\n<meta name=\"twitter:label1\" content=\"Written by\">\n\t<meta name=\"twitter:data1\" content=\"irisinteractive\">\n\t<meta name=\"twitter:label2\" content=\"Est. reading time\">\n\t<meta name=\"twitter:data2\" content=\"3 minutes\">\n<script type=\"application\/ld+json\" class=\"yoast-schema-graph\">{\"@context\":\"https:\/\/schema.org\",\"@graph\":[{\"@type\":\"WebSite\",\"@id\":\"https:\/\/destination.parc-oise-paysdefrance.fr\/en\/#website\",\"url\":\"https:\/\/destination.parc-oise-paysdefrance.fr\/en\/\",\"name\":\"Destination Parc Oise Pays de France\",\"description\":\"A territory of nature\/culture to discover. Castles, parks and gardens, hiking trails, ideas for outings ...\",\"potentialAction\":[{\"@type\":\"SearchAction\",\"target\":\"https:\/\/destination.parc-oise-paysdefrance.fr\/en\/?s={search_term_string}\",\"query-input\":\"required name=search_term_string\"}],\"inLanguage\":\"en-GB\"},{\"@type\":\"ImageObject\",\"@id\":\"https:\/\/destination.parc-oise-paysdefrance.fr\/en\/getting-organised\/park-ethics-accommodation\/#primaryimage\",\"inLanguage\":\"en-GB\",\"url\":\"https:\/\/destination.parc-oise-paysdefrance.fr\/en\/wp-content\/uploads\/sites\/2\/2020\/06\/Cot\\u00e9-jardin-6.jpg\",\"width\":1200,\"height\":900},{\"@type\":\"WebPage\",\"@id\":\"https:\/\/destination.parc-oise-paysdefrance.fr\/en\/getting-organised\/park-ethics-accommodation\/#webpage\",\"url\":\"https:\/\/destination.parc-oise-paysdefrance.fr\/en\/getting-organised\/park-ethics-accommodation\/\",\"name\":\"\\u201cPark Ethics\\u201d Accommodation - Destination Parc Oise Pays de France\",\"isPartOf\":{\"@id\":\"https:\/\/destination.parc-oise-paysdefrance.fr\/en\/#website\"},\"primaryImageOfPage\":{\"@id\":\"https:\/\/destination.parc-oise-paysdefrance.fr\/en\/getting-organised\/park-ethics-accommodation\/#primaryimage\"},\"datePublished\":\"2020-04-16T12:19:25+00:00\",\"dateModified\":\"2023-01-19T15:04:46+00:00\",\"description\":\"Located in the heart of the Park's charming villages, the \\\"Regional Natural Park Values\\\" accommodations offer their guests many pleasures: calm, comfort,\",\"breadcrumb\":{\"@id\":\"https:\/\/destination.parc-oise-paysdefrance.fr\/en\/getting-organised\/park-ethics-accommodation\/#breadcrumb\"},\"inLanguage\":\"en-GB\",\"potentialAction\":[{\"@type\":\"ReadAction\",\"target\":[\"https:\/\/destination.parc-oise-paysdefrance.fr\/en\/getting-organised\/park-ethics-accommodation\/\"]}]},{\"@type\":\"BreadcrumbList\",\"@id\":\"https:\/\/destination.parc-oise-paysdefrance.fr\/en\/getting-organised\/park-ethics-accommodation\/#breadcrumb\",\"itemListElement\":[{\"@type\":\"ListItem\",\"position\":1,\"item\":{\"@type\":\"WebPage\",\"@id\":\"https:\/\/destination.parc-oise-paysdefrance.fr\/en\/\",\"url\":\"https:\/\/destination.parc-oise-paysdefrance.fr\/en\/\",\"name\":\"Home\"}},{\"@type\":\"ListItem\",\"position\":2,\"item\":{\"@type\":\"WebPage\",\"@id\":\"https:\/\/destination.parc-oise-paysdefrance.fr\/en\/getting-organised\/\",\"url\":\"https:\/\/destination.parc-oise-paysdefrance.fr\/en\/getting-organised\/\",\"name\":\"Prepare the visit\"}},{\"@type\":\"ListItem\",\"position\":3,\"item\":{\"@type\":\"WebPage\",\"@id\":\"https:\/\/destination.parc-oise-paysdefrance.fr\/en\/getting-organised\/park-ethics-accommodation\/\",\"url\":\"https:\/\/destination.parc-oise-paysdefrance.fr\/en\/getting-organised\/park-ethics-accommodation\/\",\"name\":\"\\u201cPark Ethics\\u201d Accommodation\"}}]}]}<\/script>\n<!-- \/ Yoast SEO plugin. -->","_links":{"self":[{"href":"https:\/\/destination.parc-oise-paysdefrance.fr\/en\/wp-json\/wp\/v2\/pages\/113"}],"collection":[{"href":"https:\/\/destination.parc-oise-paysdefrance.fr\/en\/wp-json\/wp\/v2\/pages"}],"about":[{"href":"https:\/\/destination.parc-oise-paysdefrance.fr\/en\/wp-json\/wp\/v2\/types\/page"}],"author":[{"embeddable":true,"href":"https:\/\/destination.parc-oise-paysdefrance.fr\/en\/wp-json\/wp\/v2\/users\/1"}],"replies":[{"embeddable":true,"href":"https:\/\/destination.parc-oise-paysdefrance.fr\/en\/wp-json\/wp\/v2\/comments?post=113"}],"version-history":[{"count":16,"href":"https:\/\/destination.parc-oise-paysdefrance.fr\/en\/wp-json\/wp\/v2\/pages\/113\/revisions"}],"predecessor-version":[{"id":2484,"href":"https:\/\/destination.parc-oise-paysdefrance.fr\/en\/wp-json\/wp\/v2\/pages\/113\/revisions\/2484"}],"up":[{"embeddable":true,"href":"https:\/\/destination.parc-oise-paysdefrance.fr\/en\/wp-json\/wp\/v2\/pages\/65"}],"wp:featuredmedia":[{"embeddable":true,"href":"https:\/\/destination.parc-oise-paysdefrance.fr\/en\/wp-json\/wp\/v2\/media\/1380"}],"wp:attachment":[{"href":"https:\/\/destination.parc-oise-paysdefrance.fr\/en\/wp-json\/wp\/v2\/media?parent=113"}],"curies":[{"name":"wp","href":"https:\/\/api.w.org\/{rel}","templated":true}]}}